{"id":225,"date":"2016-04-15T06:52:40","date_gmt":"2016-04-15T04:52:40","guid":{"rendered":"http:\/\/demo.qkthemes.com\/housebuild\/?page_id=225"},"modified":"2026-03-12T17:44:40","modified_gmt":"2026-03-12T16:44:40","slug":"kontakt","status":"publish","type":"page","link":"https:\/\/www.jfkab.com\/?page_id=225","title":{"rendered":"Kontakt"},"content":{"rendered":"<div class=\"wpb-content-wrapper\"><p>[vc_row][vc_column][vc_empty_space height=&#8221;168&#8243;][vc_row_inner][vc_column_inner][vc_custom_heading text=&#8221;KONTAKTER&#8221; font_container=&#8221;tag:h2|font_size:26|text_align:left|color:%23147225|line_height:1&#8243; google_fonts=&#8221;font_family:Open%20Sans%3A300%2C300italic%2Cregular%2Citalic%2C600%2C600italic%2C700%2C700italic%2C800%2C800italic|font_style:600%20bold%20regular%3A600%3Anormal&#8221;][\/vc_column_inner][\/vc_row_inner][\/vc_column][\/vc_row][vc_row][vc_column width=&#8221;1\/4&#8243;][vc_icon icon_fontawesome=&#8221;fa fa-map-marker&#8221; color=&#8221;green&#8221;][vc_column_text]<\/p>\n<p style=\"text-align: left;\"><strong>Huvudkontor<\/strong><br \/>\nIndustrigatan 36, 291\u00a036 Kristianstad<br \/>\nV\u00e4xel: 044-590 51 00<br \/>\ne-post: <span style=\"color: #008000;\"><a style=\"color: #008000;\" href=\"mailto:info@jfkab.com\">info@jfkab.com<\/a><\/span><\/p>\n<p>&nbsp;<\/p>\n<p style=\"text-align: left;\"><strong>Filial<\/strong><br \/>\nBorrgatan 25, 211 24 Malm\u00f6<br \/>\nTfn: 040-46 45 00[\/vc_column_text][vc_empty_space height=&#8221;60&#8243;][\/vc_column][vc_column width=&#8221;1\/4&#8243;][vc_icon icon_fontawesome=&#8221;fa fa-user&#8221; color=&#8221;green&#8221;][vc_column_text css=&#8221;&#8221;]<\/p>\n<p style=\"text-align: left;\"><strong>VD<br \/>\n<\/strong><span style=\"color: #000000;\">Jonas Folkesson\u00a0 <\/span><span class=\"baec5a81-e4d6-4674-97f3-e9220f0136c1\" style=\"white-space: nowrap;\"><br \/>\nTfn:\u00a0\u00a0\u00a0\u00a0\u00a0\u00a0\u00a0 +46 763-38 15 47<br \/>\ne-post:\u00a0 \u00a0<span style=\"color: #008000;\"><a style=\"color: #008000;\" href=\"mailto:jonas@jfkab.com\">jonas@jfkab.com<\/a><\/span><\/span><\/p>\n<p>&nbsp;<\/p>\n<p style=\"text-align: left;\"><strong>Service chef<\/strong><br \/>\n<span style=\"color: #000000;\">Sam Deloy<\/span><br \/>\nTfn:\u00a0\u00a0\u00a0\u00a0\u00a0\u00a0\u00a0 0707-98 00 84<br \/>\ne-post:\u00a0 <a href=\"mailto:sam@jfkab.com\"><span style=\"color: #008000;\">sam@jfkab.com<\/span><\/a><\/p>\n<p>&nbsp;<\/p>\n<p style=\"text-align: left;\"><strong>Serviceledare<\/strong><br \/>\n<span style=\"color: #000000;\">Robert Schacher<\/span><br \/>\nTfn:\u00a0\u00a0\u00a0\u00a0\u00a0\u00a0\u00a0 0708-36 62 14<br \/>\ne-post:\u00a0 <span style=\"color: #008000;\"><a style=\"color: #008000;\" href=\"mailto:robert@jfkab.com\">robert@jfkab.com<\/a><\/span><\/p>\n<p>&nbsp;<\/p>\n<p><strong>Serviceledare<\/strong><br \/>\n<span style=\"color: #000000;\">Tobias Rivelius<\/span><br \/>\nTfn:\u00a0\u00a0\u00a0\u00a0\u00a0\u00a0\u00a0 0735-35 04 24<br \/>\ne-post:\u00a0 <span style=\"color: #008000;\"><a style=\"color: #008000;\" href=\"mailto:tobias@jfkab.com\">tobias@jfkab.com<\/a><\/span><\/p>\n<p>&nbsp;<\/p>\n<p>&nbsp;[\/vc_column_text][\/vc_column][vc_column width=&#8221;1\/4&#8243; css=&#8221;.vc_custom_1556099513611{padding-right: 30px !important;}&#8221;][vc_icon icon_fontawesome=&#8221;fa fa-user&#8221; color=&#8221;green&#8221;][vc_column_text css=&#8221;&#8221;]<\/p>\n<p style=\"text-align: left;\"><strong>Projektledare Kristianstad<\/strong><br \/>\n<span style=\"color: #000000;\">M\u00e5rten Persson<\/span><br \/>\nTfn:\u00a0\u00a0\u00a0\u00a0\u00a0 0709-67 07 83<br \/>\ne-post: <a href=\"mailto:mp@jfkab.com\"><span style=\"color: #008000;\">mp@jfkab.com<\/span><\/a><\/p>\n<p>&nbsp;<\/p>\n<p style=\"text-align: left;\"><strong>Projektledare Kristianstad<br \/>\n<\/strong><span style=\"color: #000000;\">Ludwig Fredriksson<\/span><br \/>\nTfn:\u00a0\u00a0\u00a0\u00a0\u00a0\u00a00735-03 55 62<br \/>\ne-post: <span style=\"color: #008000;\"><a style=\"color: #008000;\" href=\"mailto:ludwig@jfkab.com\">ludwig@jfkab.com<\/a><\/span><\/p>\n<p>&nbsp;<\/p>\n<p><strong>Projektledare Kristianstad<\/strong><br \/>\n<span style=\"color: #000000;\">Martin\u00a0Nilsson<\/span><br \/>\nTfn:\u00a0\u00a0\u00a0\u00a0\u00a0\u00a00768-86 61 36<br \/>\ne-post: <span style=\"color: #008000;\"><a style=\"color: #008000;\" href=\"mailto:martin@jfkab.com\">martin@jfkab.com<\/a><\/span>[\/vc_column_text][\/vc_column][vc_column width=&#8221;1\/4&#8243;][vc_icon icon_fontawesome=&#8221;fa fa-user&#8221; color=&#8221;green&#8221;][vc_column_text css=&#8221;&#8221;]<strong>Projektledare Malm\u00f6<br \/>\n<\/strong><span style=\"color: #000000;\">Ali Abbod<\/span><br \/>\nTfn:\u00a0\u00a0\u00a0\u00a0\u00a0\u00a00708-63 63 09<br \/>\ne-post: <a href=\"mailto:ali@jfkab.com\"><span style=\"color: #008000;\">ali@jfkab.com<\/span><\/a>[\/vc_column_text][vc_empty_space][vc_single_image image=&#8221;1244&#8243; img_size=&#8221;large&#8221;][vc_empty_space height=&#8221;64px&#8221;][\/vc_column][\/vc_row][vc_row][vc_column][vc_column_text]<strong>GDPR &#8211; Europeisk Dataskyddsf\u00f6rordning fr\u00e5n 2018-05-25<\/strong><\/p>\n<p>JFK AB webbplats: www.jfkab.com &#8211; inneh\u00e5ller inga funktioner f\u00f6r en webbplatsbes\u00f6kare att registrera ett anv\u00e4ndarkonto, eller n\u00e5gon m\u00f6jlighet att redigera\/publicera inneh\u00e5ll tex artiklar, kommentarer eller blogginl\u00e4gg. Webbplatsen har ett kontaktformul\u00e4r d\u00e4r bes\u00f6karen kan ange namn och e-postadress f\u00f6r att JFK AB ska veta vem som kontaktat. Uppgifterna sparas inte p\u00e5 webbplatsen.<\/p>\n<p><strong>Inb\u00e4ddat\/externt material p\u00e5 webbplatsen:<\/strong><br \/>\nArtiklar p\u00e5 denna webbplats kan inneh\u00e5lla inb\u00e4ddat\/l\u00e4nkat inneh\u00e5ll (exempelvis bilder, artiklar o.s.v.) Inb\u00e4ddat\/l\u00e4nkat inneh\u00e5ll fr\u00e5n andra webbplatser beter sig precis p\u00e5 samma s\u00e4tt som om bes\u00f6karen har bes\u00f6kt den andra webbplatsen, och eventuell insamling av uppgifter genom cookies eller annan inb\u00e4ddad sp\u00e5rning fr\u00e5n tredje part sker genom denna webbplats funktioner.<\/p>\n<p><strong>Integritets policy<\/strong><br \/>\nKontakta JFK AB f\u00f6r vidare information kring hur vi hanterar och anv\u00e4nder person uppgifter enligt GDPR.[\/vc_column_text][\/vc_column][\/vc_row][vc_row][vc_column][vc_empty_space][\/vc_column][\/vc_row]<\/p>\n<\/div>","protected":false},"excerpt":{"rendered":"<p>[vc_row][vc_column][vc_empty_space height=&#8221;168&#8243;][vc_row_inner][vc_column_inner][vc_custom_heading text=&#8221;KONTAKTER&#8221; font_container=&#8221;tag:h2|font_size:26|text_align:left|color:%23147225|line_height:1&#8243; google_fonts=&#8221;font_family:Open%20Sans%3A300%2C300italic%2Cregular%2Citalic%2C600%2C600italic%2C700%2C700italic%2C800%2C800italic|font_style:600%20bold%20regular%3A600%3Anormal&#8221;][\/vc_column_inner][\/vc_row_inner][\/vc_column][\/vc_row][vc_row][vc_column width=&#8221;1\/4&#8243;][vc_icon icon_fontawesome=&#8221;fa fa-map-marker&#8221; color=&#8221;green&#8221;][vc_column_text] Huvudkontor Industrigatan 36, 291\u00a036 Kristianstad V\u00e4xel: 044-590 51 00 e-post: info@jfkab.com &nbsp; Filial Borrgatan 25, 211 24 Malm\u00f6 Tfn: 040-46 45 00[\/vc_column_text][vc_empty_space height=&#8221;60&#8243;][\/vc_column][vc_column width=&#8221;1\/4&#8243;][vc_icon icon_fontawesome=&#8221;fa fa-user&#8221; color=&#8221;green&#8221;][vc_column_text css=&#8221;&#8221;] VD Jonas Folkesson\u00a0 Tfn:\u00a0\u00a0\u00a0\u00a0\u00a0\u00a0\u00a0 +46 763-38 15 47 e-post:\u00a0 \u00a0jonas@jfkab.com &nbsp; Service chef Sam Deloy Tfn:\u00a0\u00a0\u00a0\u00a0\u00a0\u00a0\u00a0 0707-98 00 [&hellip;]<\/p>\n","protected":false},"author":1,"featured_media":0,"parent":0,"menu_order":0,"comment_status":"closed","ping_status":"closed","template":"template-home.php","meta":{"footnotes":""},"class_list":["post-225","page","type-page","status-publish","hentry"],"_links":{"self":[{"href":"https:\/\/www.jfkab.com\/index.php?rest_route=\/wp\/v2\/pages\/225","targetHints":{"allow":["GET"]}}],"collection":[{"href":"https:\/\/www.jfkab.com\/index.php?rest_route=\/wp\/v2\/pages"}],"about":[{"href":"https:\/\/www.jfkab.com\/index.php?rest_route=\/wp\/v2\/types\/page"}],"author":[{"embeddable":true,"href":"https:\/\/www.jfkab.com\/index.php?rest_route=\/wp\/v2\/users\/1"}],"replies":[{"embeddable":true,"href":"https:\/\/www.jfkab.com\/index.php?rest_route=%2Fwp%2Fv2%2Fcomments&post=225"}],"version-history":[{"count":77,"href":"https:\/\/www.jfkab.com\/index.php?rest_route=\/wp\/v2\/pages\/225\/revisions"}],"predecessor-version":[{"id":1963,"href":"https:\/\/www.jfkab.com\/index.php?rest_route=\/wp\/v2\/pages\/225\/revisions\/1963"}],"wp:attachment":[{"href":"https:\/\/www.jfkab.com\/index.php?rest_route=%2Fwp%2Fv2%2Fmedia&parent=225"}],"curies":[{"name":"wp","href":"https:\/\/api.w.org\/{rel}","templated":true}]}}