{"id":749,"date":"2016-06-30T11:49:14","date_gmt":"2016-06-30T09:49:14","guid":{"rendered":"http:\/\/www.jfkab.com\/?page_id=749"},"modified":"2025-12-09T13:55:25","modified_gmt":"2025-12-09T12:55:25","slug":"referens-projekt","status":"publish","type":"page","link":"https:\/\/www.jfkab.com\/?page_id=749","title":{"rendered":"Referens projekt"},"content":{"rendered":"<div class=\"wpb-content-wrapper\"><p>[vc_row][vc_column][vc_empty_space height=&#8221;168&#8243;][vc_custom_heading text=&#8221;REFERENS PROJEKT &#8211; ett urval&#8221; font_container=&#8221;tag:h2|font_size:26|text_align:left|color:%23147225|line_height:1&#8243; google_fonts=&#8221;font_family:Open%20Sans%3A300%2C300italic%2Cregular%2Citalic%2C600%2C600italic%2C700%2C700italic%2C800%2C800italic|font_style:600%20bold%20regular%3A600%3Anormal&#8221;][vc_row_inner][vc_column_inner width=&#8221;2\/3&#8243; css=&#8221;.vc_custom_1649492808972{margin-right: 0px !important;}&#8221;][vc_custom_heading text=&#8221;Centrala Reningsverket, Kristianstad&#8221; font_container=&#8221;tag:h2|font_size:20|text_align:left|line_height:1&#8243; google_fonts=&#8221;font_family:Open%20Sans%3A300%2C300italic%2Cregular%2Citalic%2C600%2C600italic%2C700%2C700italic%2C800%2C800italic|font_style:400%20regular%3A400%3Anormal&#8221; css=&#8221;&#8221;][vc_column_text css=&#8221;.vc_custom_1765284552481{margin-right: 40px !important;}&#8221;]<span style=\"color: #000000;\"><strong><img loading=\"lazy\" decoding=\"async\" class=\"size-full wp-image-1957 alignleft\" src=\"https:\/\/www.jfkab.com\/wp-content\/uploads\/2025\/12\/CRV_ncc2_liten.jpg\" alt=\"\" width=\"300\" height=\"169\" srcset=\"https:\/\/www.jfkab.com\/wp-content\/uploads\/2025\/12\/CRV_ncc2_liten.jpg 300w, https:\/\/www.jfkab.com\/wp-content\/uploads\/2025\/12\/CRV_ncc2_liten-768x432.jpg 768w\" sizes=\"auto, (max-width: 300px) 100vw, 300px\" \/><img loading=\"lazy\" decoding=\"async\" class=\"size-full wp-image-1956 alignnone\" src=\"https:\/\/www.jfkab.com\/wp-content\/uploads\/2025\/12\/CRV_ncc3-liten-1.jpg\" alt=\"\" width=\"300\" height=\"169\" srcset=\"https:\/\/www.jfkab.com\/wp-content\/uploads\/2025\/12\/CRV_ncc3-liten-1.jpg 300w, https:\/\/www.jfkab.com\/wp-content\/uploads\/2025\/12\/CRV_ncc3-liten-1-768x432.jpg 768w\" sizes=\"auto, (max-width: 300px) 100vw, 300px\" \/><br \/>\n<\/strong><\/span><\/p>\n<p><span style=\"color: #000000;\"><strong>LUFTENTREPRENAD \/ LUKTREDUCERING<br \/>\n<\/strong><\/span>Ett av Europas modernaste reningsverk \u00e4r nu i drift. Ett nybygge med \u00f6kad kapacitet f\u00f6r att klara Kristianstads v\u00e4xande krav som har varit ett av v\u00e5ra st\u00f6rsta projekt.\u00a0 Bland annat anv\u00e4nds patenterad katalytisk luftrening f\u00f6r att klara utmaningarna med luktreducering.<\/p>\n<p>Best\u00e4llare: Kristianstad Kommun<br \/>\nByggare: NCC<br \/>\nProjekttid: 2020 &#8211; 2025<\/p>\n<p>Kontakt: <span style=\"color: #008000;\">\u00a0<\/span><span style=\"color: #008000;\"><a style=\"color: #008000;\" href=\"mailto:mp@jfkab.com\">M\u00e5rten Persson<\/a><\/span><\/p>\n<p>&nbsp;[\/vc_column_text][\/vc_column_inner][vc_column_inner width=&#8221;1\/3&#8243;][vc_custom_heading text=&#8221;Kristianstad Badrike&#8221; font_container=&#8221;tag:h2|font_size:20|text_align:left|line_height:1&#8243; google_fonts=&#8221;font_family:Open%20Sans%3A300%2C300italic%2Cregular%2Citalic%2C600%2C600italic%2C700%2C700italic%2C800%2C800italic|font_style:400%20regular%3A400%3Anormal&#8221;][vc_column_text css=&#8221;.vc_custom_1690051484160{margin-right: 40px !important;}&#8221;]<span style=\"color: #000000;\"><strong><img loading=\"lazy\" decoding=\"async\" class=\"size-full wp-image-1643 alignnone\" src=\"https:\/\/www.jfkab.com\/wp-content\/uploads\/2022\/01\/Ksdbadhus.jpg\" alt=\"\" width=\"740\" height=\"370\" srcset=\"https:\/\/www.jfkab.com\/wp-content\/uploads\/2022\/01\/Ksdbadhus.jpg 740w, https:\/\/www.jfkab.com\/wp-content\/uploads\/2022\/01\/Ksdbadhus-768x384.jpg 768w\" sizes=\"auto, (max-width: 740px) 100vw, 740px\" \/><\/strong><\/span><\/p>\n<p><span style=\"color: #000000;\"><strong>LUFTBEHANDLINGSENTREPRENAD<br \/>\n<\/strong><\/span>Badhuset inneh\u00e5ller tv\u00e5 25-meters bass\u00e4nger, tre varmbass\u00e4nger,\u00a0 familjebad, hoppbass\u00e4ng, vattenrutschbana, relaxavdelning, omkl\u00e4dningsrum och stork\u00f6k, p\u00e5 totalt 14 100 kvm.<\/p>\n<p>Best\u00e4llare: Kristianstad Kommun<br \/>\nByggare: PEAB<br \/>\nProjekttid: 2020-Sept 2022<\/p>\n<p>Kontakt: <span style=\"color: #008000;\">\u00a0<\/span><span style=\"color: #008000;\"><a style=\"color: #008000;\" href=\"mailto:mp@jfkab.com\">M\u00e5rten Persson<\/a><\/p>\n<p><\/span>[\/vc_column_text][vc_btn title=&#8221;L\u00e4s mer&#8221; color=&#8221;success&#8221; size=&#8221;xs&#8221; i_align=&#8221;right&#8221; i_icon_fontawesome=&#8221;&#8221; css=&#8221;&#8221; add_icon=&#8221;true&#8221; link=&#8221;url:https%3A%2F%2Fwww.jfkab.com%2F%3Fpage_id%3D1600|title:Kristianstad%20Badrike|target:_blank&#8221;][\/vc_column_inner][\/vc_row_inner][vc_row_inner][vc_column_inner width=&#8221;1\/3&#8243; css=&#8221;.vc_custom_1649492808972{margin-right: 0px !important;}&#8221;][vc_custom_heading text=&#8221;Vattenverk, G\u00e4rds K\u00f6pinge&#8221; font_container=&#8221;tag:h2|font_size:20|text_align:left|line_height:1&#8243; google_fonts=&#8221;font_family:Open%20Sans%3A300%2C300italic%2Cregular%2Citalic%2C600%2C600italic%2C700%2C700italic%2C800%2C800italic|font_style:400%20regular%3A400%3Anormal&#8221;][vc_column_text css=&#8221;.vc_custom_1690048466103{margin-right: 40px !important;}&#8221;]<span style=\"color: #000000;\"><strong><img loading=\"lazy\" decoding=\"async\" class=\"wp-image-1585 size-full alignnone\" src=\"https:\/\/www.jfkab.com\/wp-content\/uploads\/2021\/04\/gk-vverk2-1.png\" alt=\"\" width=\"301\" height=\"168\" srcset=\"https:\/\/www.jfkab.com\/wp-content\/uploads\/2021\/04\/gk-vverk2-1.png 301w, https:\/\/www.jfkab.com\/wp-content\/uploads\/2021\/04\/gk-vverk2-1-768x428.png 768w\" sizes=\"auto, (max-width: 301px) 100vw, 301px\" \/><\/strong><\/span><\/p>\n<p><span style=\"color: #000000;\"><strong>LUFTBEHANDLING \/ AVFUKTNING<br \/>\n<\/strong><\/span>Ett nytt vattenverk har uppf\u00f6rts i G\u00e4rds K\u00f6pinge, som \u00e4ven ska f\u00f6rse Ever\u00f6d, Huar\u00f6d och \u00d6stra S\u00f6nnarsl\u00f6v med h\u00f6gkvalitativt dricksvatten.<\/p>\n<p>Best\u00e4llare: Kristianstad Kommun<br \/>\nByggare: NCC<br \/>\nProjekttid: april 2021 &#8211; v\u00e5r 2023<\/p>\n<p>Kontakt: <span style=\"color: #008000;\">\u00a0<\/span><span style=\"color: #008000;\"><a style=\"color: #008000;\" href=\"mailto:mp@jfkab.com\">M\u00e5rten Persson<\/a><\/span><\/p>\n<p>&nbsp;[\/vc_column_text][\/vc_column_inner][vc_column_inner width=&#8221;1\/3&#8243;][vc_custom_heading text=&#8221;Tollo Linear, Kristianstad&#8221; font_container=&#8221;tag:h2|font_size:20|text_align:left|line_height:1&#8243; google_fonts=&#8221;font_family:Open%20Sans%3A300%2C300italic%2Cregular%2Citalic%2C600%2C600italic%2C700%2C700italic%2C800%2C800italic|font_style:400%20regular%3A400%3Anormal&#8221;][vc_column_text css=&#8221;.vc_custom_1690050495174{margin-right: 40px !important;}&#8221;]<span style=\"color: #000000;\"><strong><img loading=\"lazy\" decoding=\"async\" class=\"wp-image-1696 size-full alignnone\" src=\"https:\/\/www.jfkab.com\/wp-content\/uploads\/2022\/10\/Tollo20220822_small.jpg\" alt=\"\" width=\"300\" height=\"169\" srcset=\"https:\/\/www.jfkab.com\/wp-content\/uploads\/2022\/10\/Tollo20220822_small.jpg 300w, https:\/\/www.jfkab.com\/wp-content\/uploads\/2022\/10\/Tollo20220822_small-768x432.jpg 768w\" sizes=\"auto, (max-width: 300px) 100vw, 300px\" \/><\/strong><\/span><\/p>\n<p><span style=\"color: #000000;\"><strong>LUFTBEHANDLINGSENTREPRENAD<br \/>\n<\/strong><\/span><\/p>\n<p>Best\u00e4llare\/Byggare: Estrids Fastigheter<\/p>\n<p>F\u00e4rdigst\u00e4llt sommar 2023<\/p>\n<p>Kontakt: <span style=\"color: #008000;\">\u00a0<a style=\"color: #008000;\" href=\"mailto:martin@jfkab.com\">Martin Nilsson<\/a><\/span><\/p>\n<p>&nbsp;[\/vc_column_text][\/vc_column_inner][vc_column_inner width=&#8221;1\/3&#8243;][vc_custom_heading text=&#8221;Nya Bongs, Kristianstad&#8221; font_container=&#8221;tag:h2|font_size:20|text_align:left|line_height:1&#8243; google_fonts=&#8221;font_family:Open%20Sans%3A300%2C300italic%2Cregular%2Citalic%2C600%2C600italic%2C700%2C700italic%2C800%2C800italic|font_style:400%20regular%3A400%3Anormal&#8221; css=&#8221;&#8221;][vc_column_text css=&#8221;.vc_custom_1690051919338{margin-right: 40px !important;}&#8221;]<span style=\"color: #000000;\"><strong><img loading=\"lazy\" decoding=\"async\" class=\"wp-image-1697 size-full alignnone\" src=\"https:\/\/www.jfkab.com\/wp-content\/uploads\/2022\/10\/NyaBong20220822_small.jpg\" alt=\"\" width=\"300\" height=\"169\" srcset=\"https:\/\/www.jfkab.com\/wp-content\/uploads\/2022\/10\/NyaBong20220822_small.jpg 300w, https:\/\/www.jfkab.com\/wp-content\/uploads\/2022\/10\/NyaBong20220822_small-768x432.jpg 768w\" sizes=\"auto, (max-width: 300px) 100vw, 300px\" \/><\/strong><\/span><\/p>\n<p><span style=\"color: #000000;\"><strong>LUFTBEHANDLINGSENTREPRENAD<br \/>\n<\/strong><\/span><\/p>\n<p>Best\u00e4llare\/Byggare: Estrids Fastigheter.<\/p>\n<p>Projekttid: vinter 2021 &#8211; v\u00e5r 2023<\/p>\n<p>Kontakt: <span style=\"color: #008000;\">\u00a0<a style=\"color: #008000;\" href=\"mailto:martin@jfkab.com\">Martin Nilsson<\/a><\/span><\/p>\n<p>&nbsp;[\/vc_column_text][vc_btn title=&#8221;L\u00e4s mer&#8221; color=&#8221;success&#8221; size=&#8221;xs&#8221; i_align=&#8221;right&#8221; i_icon_fontawesome=&#8221;&#8221; css=&#8221;&#8221; add_icon=&#8221;true&#8221; link=&#8221;url:https%3A%2F%2Fwww.jfkab.com%2F%3Fpage_id%3D1600|title:Kristianstad%20Badrike|target:_blank&#8221;][\/vc_column_inner][\/vc_row_inner][vc_row_inner][vc_column_inner width=&#8221;1\/3&#8243; css=&#8221;.vc_custom_1649492808972{margin-right: 0px !important;}&#8221;][vc_custom_heading text=&#8221;Helgedalsskolan, Kristianstad&#8221; font_container=&#8221;tag:h2|font_size:20|text_align:left|line_height:1&#8243; google_fonts=&#8221;font_family:Open%20Sans%3A300%2C300italic%2Cregular%2Citalic%2C600%2C600italic%2C700%2C700italic%2C800%2C800italic|font_style:400%20regular%3A400%3Anormal&#8221; css=&#8221;.vc_custom_1690048610184{margin-right: 40px !important;}&#8221;][vc_column_text css=&#8221;.vc_custom_1691477209202{margin-right: 40px !important;}&#8221;]<img loading=\"lazy\" decoding=\"async\" class=\"wp-image-1450 size-full alignnone\" src=\"https:\/\/www.jfkab.com\/wp-content\/uploads\/2019\/08\/helgedalskolan_small.jpg\" alt=\"\" width=\"304\" height=\"168\" srcset=\"https:\/\/www.jfkab.com\/wp-content\/uploads\/2019\/08\/helgedalskolan_small.jpg 304w, https:\/\/www.jfkab.com\/wp-content\/uploads\/2019\/08\/helgedalskolan_small-768x424.jpg 768w\" sizes=\"auto, (max-width: 304px) 100vw, 304px\" \/><\/p>\n<p><span style=\"color: #000000;\"><strong>LUFTBEHANDLINGSENTREPRENAD<\/strong><\/span><br \/>\nDen befintliga skolan p\u00e5 3 100 kvm har renoverats, och en tillbyggnad uppf\u00f6rts p\u00e5 ca 2 800 kvm. Skolan ger plats f\u00f6r totalt 400 elever i F-6.<br \/>\nEkoxens f\u00f6rskola flyttas hit med fyra avdelningar, och skolan har f\u00e5tt ett nytt gemensamt tillagningsk\u00f6k.<\/p>\n<p>Best\u00e4llare: Kristianstad Kommun<br \/>\nByggare: PEAB<br \/>\nProjekttid: 2019 &#8211; v\u00e5r 2022<\/p>\n<p>Kontakt: <span style=\"color: #008000;\"><a style=\"color: #008000;\" href=\"mailto:martin@jfkab.com\">Martin Nilsson<\/a><\/span><\/p>\n<p>&nbsp;[\/vc_column_text][\/vc_column_inner][vc_column_inner width=&#8221;1\/3&#8243;][\/vc_column_inner][vc_column_inner width=&#8221;1\/3&#8243;][vc_custom_heading text=&#8221;NEO Davidshall, Malm\u00f6&#8221; font_container=&#8221;tag:h2|font_size:20|text_align:left|line_height:1&#8243; google_fonts=&#8221;font_family:Open%20Sans%3A300%2C300italic%2Cregular%2Citalic%2C600%2C600italic%2C700%2C700italic%2C800%2C800italic|font_style:400%20regular%3A400%3Anormal&#8221;][vc_column_text css=&#8221;.vc_custom_1690050812478{margin-right: 40px !important;}&#8221;]<span style=\"color: #000000;\"><strong><img loading=\"lazy\" decoding=\"async\" class=\"alignnone wp-image-1348\" src=\"https:\/\/www.jfkab.com\/wp-content\/uploads\/2019\/01\/DJI_NEOoverdimm.jpg\" alt=\"\" width=\"300\" height=\"168\" srcset=\"https:\/\/www.jfkab.com\/wp-content\/uploads\/2019\/01\/DJI_NEOoverdimm.jpg 634w, https:\/\/www.jfkab.com\/wp-content\/uploads\/2019\/01\/DJI_NEOoverdimm-768x430.jpg 768w\" sizes=\"auto, (max-width: 300px) 100vw, 300px\" \/><\/strong><\/span><\/p>\n<p><span style=\"color: #000000;\"><strong>LUFTBEHANDLING och STYR&amp;REGLER ENTREPRENAD<br \/>\n<\/strong><\/span>Om- och nybyggnation av gamla Polishuset med 122 l\u00e4genheter, varav 60 i ombyggnaden och 62 i de tre nybyggda husen p\u00e5 innerg\u00e5rden.<br \/>\nK-m\u00e4rkt fastighet bel\u00e4gen i hj\u00e4rtat av Malm\u00f6.<\/p>\n<p>Best\u00e4llare: Riksbyggen<br \/>\nByggare: BAB Bygg AB<br \/>\nProjekttid: h\u00f6st 2018- 2021<\/p>\n<p>Riksbyggen Referensprojekt: <span style=\"color: #008000;\"><a style=\"color: #008000;\" href=\"https:\/\/www.riksbyggen.se\/kommun\/referensprojekt\/bostadsratter-riksbyggen\/skane\/referensprojekt-brf-neo-davidshall\/\" target=\"_blank\" rel=\"noopener noreferrer\">Brf NEO Davidshall<\/a><\/span><\/p>\n<p>Kontakter: <span style=\"color: #008000;\">\u00a0<a style=\"color: #008000;\" href=\"mailto:ali@jfkab.com\">Ali Abbod<\/a><\/span> \/ <span style=\"color: #008000;\"><a style=\"color: #008000;\" href=\"mailto:mp@jfkab.com\">M\u00e5rten Persson<\/a><\/span><\/p>\n<p>&nbsp;[\/vc_column_text][\/vc_column_inner][vc_column_inner width=&#8221;1\/3&#8243; css=&#8221;.vc_custom_1649492808972{margin-right: 0px !important;}&#8221;][vc_custom_heading text=&#8221;Mobilia, Malm\u00f6&#8221; font_container=&#8221;tag:h2|font_size:20|text_align:left|line_height:1&#8243; google_fonts=&#8221;font_family:Open%20Sans%3A300%2C300italic%2Cregular%2Citalic%2C600%2C600italic%2C700%2C700italic%2C800%2C800italic|font_style:400%20regular%3A400%3Anormal&#8221; css=&#8221;.vc_custom_1615925972572{margin-right: 40px !important;}&#8221;][vc_column_text css=&#8221;.vc_custom_1690051442431{margin-right: 40px !important;}&#8221;]<img loading=\"lazy\" decoding=\"async\" class=\"size-full wp-image-1448 alignnone\" src=\"https:\/\/www.jfkab.com\/wp-content\/uploads\/2019\/08\/mobilia-torghuset_small.jpg\" alt=\"\" width=\"304\" height=\"168\" srcset=\"https:\/\/www.jfkab.com\/wp-content\/uploads\/2019\/08\/mobilia-torghuset_small.jpg 304w, https:\/\/www.jfkab.com\/wp-content\/uploads\/2019\/08\/mobilia-torghuset_small-768x424.jpg 768w\" sizes=\"auto, (max-width: 304px) 100vw, 304px\" \/><\/p>\n<p><span style=\"color: #000000;\"><strong>LUFTBEHANDLINGSENTREPRENAD<\/strong><\/span><br \/>\n74 nya hyresr\u00e4tter samt utbyggnad av handelsplats Mobilia med en toppmodern biograf med 5 salonger, unikt kulturhus f\u00f6r barn och lokaler f\u00f6r handel.<\/p>\n<p>Best\u00e4llare\/Byggare: Atrium Ljungberg<br \/>\nProjekttid: 2019 &#8211; jan 2021<br \/>\nMer om projektet: <span style=\"color: #008000;\"><a style=\"color: #008000;\" href=\"https:\/\/www.al.se\/stadsutveckling\/omraden\/malmo\/mobilia\" target=\"_blank\" rel=\"noopener noreferrer\">Mobilia<\/a><\/span><\/p>\n<p>Kontakt: <span style=\"color: #008000;\"><a style=\"color: #008000;\" href=\"mailto:ali@jfkab.com\">Ali Abbod<\/a><\/span> \/ <span style=\"color: #008000;\"><a style=\"color: #008000;\" href=\"mailto:mp@jfkab.com\">M\u00e5rten Persson<\/a><\/span><\/p>\n<p>&nbsp;[\/vc_column_text][\/vc_column_inner][vc_column_inner width=&#8221;1\/3&#8243;][vc_custom_heading text=&#8221;Kvarteret Krypan, S\u00f6dra Sandby&#8221; font_container=&#8221;tag:h2|font_size:20|text_align:left|line_height:1&#8243; google_fonts=&#8221;font_family:Open%20Sans%3A300%2C300italic%2Cregular%2Citalic%2C600%2C600italic%2C700%2C700italic%2C800%2C800italic|font_style:400%20regular%3A400%3Anormal&#8221;][vc_column_text css=&#8221;.vc_custom_1742500555944{margin-right: 40px !important;}&#8221;]<img loading=\"lazy\" decoding=\"async\" class=\"wp-image-1469 size-full alignnone\" src=\"https:\/\/www.jfkab.com\/wp-content\/uploads\/2019\/10\/Kryptan2_300x168.jpg\" alt=\"\" width=\"300\" height=\"167\" srcset=\"https:\/\/www.jfkab.com\/wp-content\/uploads\/2019\/10\/Kryptan2_300x168.jpg 300w, https:\/\/www.jfkab.com\/wp-content\/uploads\/2019\/10\/Kryptan2_300x168-768x427.jpg 768w\" sizes=\"auto, (max-width: 300px) 100vw, 300px\" \/><\/p>\n<p><strong><span style=\"color: #000000;\">LUFTBEHANDLINGSENTREPRENAD<br \/>\n<\/span><\/strong>Kryptan omfattar ett helt nytt kvarter med bland annat en ny v\u00e5rdcentral, femtio l\u00e4genheter i varierande storlekar, parkeringar, nytt bibliotek samt tio servicebost\u00e4der till v\u00e5rd- och omsorgsf\u00f6rvaltningen i kommunen.<\/p>\n<p>Best\u00e4llare: <span style=\"color: #000000;\">LKB<\/span><br \/>\nByggare: Litana<br \/>\nProjekttid:\u00a0 2019-2021<\/p>\n<p>Kontakt: <span style=\"color: #008000;\"><a style=\"color: #008000;\" href=\"mailto:ali@jfkab.com\">Ali Abbod<\/a><\/span> \/\u00a0<span style=\"color: #008000;\"><a style=\"color: #008000;\" href=\"mailto:martin@jfkab.com\">Martin Nilsson<\/a><\/span><\/p>\n<p>&nbsp;[\/vc_column_text][\/vc_column_inner][vc_column_inner width=&#8221;1\/3&#8243;][vc_custom_heading text=&#8221;Nya S\u00e5nnaskolan, \u00c5hus&#8221; font_container=&#8221;tag:h2|font_size:20|text_align:left|line_height:1&#8243; google_fonts=&#8221;font_family:Open%20Sans%3A300%2C300italic%2Cregular%2Citalic%2C600%2C600italic%2C700%2C700italic%2C800%2C800italic|font_style:400%20regular%3A400%3Anormal&#8221;][vc_column_text css=&#8221;.vc_custom_1649492739642{margin-right: 40px !important;}&#8221;]<img loading=\"lazy\" decoding=\"async\" class=\"size-full wp-image-1322 alignnone\" src=\"https:\/\/www.jfkab.com\/wp-content\/uploads\/2018\/06\/S&aring;nna2.jpg\" alt=\"\" width=\"300\" height=\"168\" \/><\/p>\n<p><span style=\"color: #000000;\"><strong>VENTILATIONS &amp; STYR ENTREPRENAD<\/strong><\/span><br \/>\nNybyggnation av F-6 skola f\u00f6r 710 elever.<br \/>\nOm- och tillbyggnad av befintligt tillagningsk\u00f6k och undercentral.<br \/>\nUppf\u00f6rande av en ny skolidrottshall.<br \/>\nCertifierat enligt Milj\u00f6byggnad niv\u00e5 silver.<\/p>\n<p>Best\u00e4llare: Kristianstad Kommun<br \/>\nByggare: Thage<br \/>\nProjekttid: mars 2018 &#8211; juni 2020<\/p>\n<p>Kontakt: <span style=\"color: #008000;\"><a style=\"color: #008000;\" href=\"mailto:mp@jfkab.com\">M\u00e5rten Persson<\/a><\/span><\/p>\n<p>&nbsp;[\/vc_column_text][\/vc_column_inner][\/vc_row_inner][vc_row_inner][vc_column_inner width=&#8221;1\/3&#8243; css=&#8221;.vc_custom_1649492808972{margin-right: 0px !important;}&#8221;][vc_custom_heading text=&#8221;Kvarter G1, Limhamns Sj\u00f6stad&#8221; font_container=&#8221;tag:h2|font_size:20|text_align:left|line_height:1&#8243; google_fonts=&#8221;font_family:Open%20Sans%3A300%2C300italic%2Cregular%2Citalic%2C600%2C600italic%2C700%2C700italic%2C800%2C800italic|font_style:400%20regular%3A400%3Anormal&#8221; css=&#8221;.vc_custom_1649492691364{margin-right: 40px !important;}&#8221;][vc_column_text css=&#8221;.vc_custom_1664624321268{margin-right: 40px !important;padding-bottom: 14px !important;}&#8221;]<img loading=\"lazy\" decoding=\"async\" class=\"size-full wp-image-1329 alignnone\" src=\"https:\/\/www.jfkab.com\/wp-content\/uploads\/2018\/07\/limhamn2.png\" alt=\"\" width=\"300\" height=\"167\" srcset=\"https:\/\/www.jfkab.com\/wp-content\/uploads\/2018\/07\/limhamn2.png 300w, https:\/\/www.jfkab.com\/wp-content\/uploads\/2018\/07\/limhamn2-768x427.png 768w\" sizes=\"auto, (max-width: 300px) 100vw, 300px\" \/><\/p>\n<p><span style=\"color: #000000;\"><strong>LUFTBEHANDLINGSENTREPRENAD<\/strong><\/span><br \/>\nLimhamns Sj\u00f6stad Cementen, kvarter G1, Vaxformen 2, \u00e4r ett s\u00e4rskilt boende f\u00f6r \u00e4ldre.<br \/>\nHuset ventileras med ett mekaniskt fr\u00e5n- och till-luftsventilation (FTX) med fl\u00e4ktaggregat p\u00e5 vind.<\/p>\n<p>Projekttid: h\u00f6st 2018 &#8211; v\u00e5r 2020<\/p>\n<p>Kontakt: <span style=\"color: #008000;\"><a style=\"color: #008000;\" href=\"mailto:jonas@jfkab.com\">Jonas Folkesson<\/a><\/span>[\/vc_column_text][\/vc_column_inner][vc_column_inner width=&#8221;1\/3&#8243;][vc_custom_heading text=&#8221;Hagan\u00e4sbadet, \u00c4lmhult&#8221; font_container=&#8221;tag:h2|font_size:20|text_align:left|line_height:1&#8243; google_fonts=&#8221;font_family:Open%20Sans%3A300%2C300italic%2Cregular%2Citalic%2C600%2C600italic%2C700%2C700italic%2C800%2C800italic|font_style:400%20regular%3A400%3Anormal&#8221;][vc_column_text css=&#8221;.vc_custom_1649492661570{margin-right: 40px !important;}&#8221;]<strong><img loading=\"lazy\" decoding=\"async\" class=\"size-full wp-image-1349 alignnone\" src=\"https:\/\/www.jfkab.com\/wp-content\/uploads\/2019\/01\/haganasbadet2.jpg\" alt=\"\" width=\"300\" height=\"168\" srcset=\"https:\/\/www.jfkab.com\/wp-content\/uploads\/2019\/01\/haganasbadet2.jpg 300w, https:\/\/www.jfkab.com\/wp-content\/uploads\/2019\/01\/haganasbadet2-768x430.jpg 768w\" sizes=\"auto, (max-width: 300px) 100vw, 300px\" \/><\/strong><\/p>\n<p><span style=\"color: #000000;\"><strong>AVFUKTNINGS OCH LUFTBEHANDLINGSENTREPRENAD<\/strong><\/span><br \/>\nUpprustning och tillbygge i bad\/omkl\u00e4dnings utrymmen.<\/p>\n<p>Projekttid: h\u00f6st 2018 &#8211; v\u00e5r 2020<\/p>\n<p>Kontakt: <span style=\"color: #008000;\"><a style=\"color: #008000;\" href=\"mailto:mp@jfkab.com\">M\u00e5rten Persson<\/a><\/span><\/p>\n<p>&nbsp;[\/vc_column_text][\/vc_column_inner][vc_column_inner width=&#8221;1\/3&#8243;][vc_custom_heading text=&#8221;Idrottsomr\u00e5de S\u00f6der, Kristianstad&#8221; font_container=&#8221;tag:h2|font_size:20|text_align:left|line_height:1&#8243; google_fonts=&#8221;font_family:Open%20Sans%3A300%2C300italic%2Cregular%2Citalic%2C600%2C600italic%2C700%2C700italic%2C800%2C800italic|font_style:400%20regular%3A400%3Anormal&#8221;][vc_column_text css=&#8221;.vc_custom_1587457059873{margin-right: 40px !important;}&#8221;]<span style=\"color: #000000;\"><strong><img loading=\"lazy\" decoding=\"async\" class=\"size-full wp-image-1007 alignnone\" src=\"https:\/\/www.jfkab.com\/wp-content\/uploads\/2016\/06\/IOS3.jpg\" alt=\"\" width=\"300\" height=\"168\" srcset=\"https:\/\/www.jfkab.com\/wp-content\/uploads\/2016\/06\/IOS3.jpg 300w, https:\/\/www.jfkab.com\/wp-content\/uploads\/2016\/06\/IOS3-768x430.jpg 768w\" sizes=\"auto, (max-width: 300px) 100vw, 300px\" \/><\/strong><\/span><\/p>\n<p><span style=\"color: #000000;\"><strong>LUFTBEHANDLINGSENTREPRENAD<br \/>\n<\/strong><\/span>Projekt tid: okt 2016 &#8211; apr 2018<\/p>\n<p>En arena f\u00f6r Kristianstads fotbollsdamer och Amerikanska fotbollsm\u00e4n.<br \/>\nJFK levererade inomhusklimatet.<\/p>\n<p>Kontakt: <span style=\"color: #008000;\"><a style=\"color: #008000;\" href=\"mailto:mp@jfkab.com\">M\u00e5rten Persson<\/a><\/p>\n<p><\/span>[\/vc_column_text][vc_btn title=&#8221;L\u00e4s mer&#8221; style=&#8221;classic&#8221; color=&#8221;success&#8221; size=&#8221;xs&#8221; i_align=&#8221;right&#8221; i_icon_fontawesome=&#8221;&#8221; css=&#8221;.vc_custom_1742500701534{padding-bottom: 14px !important;}&#8221; add_icon=&#8221;true&#8221; link=&#8221;url:https%3A%2F%2Fwww.jfkab.com%2F%3Fpage_id%3D1335|title:Idrottsomr%C3%A5de%20S%C3%B6der%2C%20Kristianstad|target:_blank&#8221;][\/vc_column_inner][\/vc_row_inner][vc_row_inner][vc_column_inner width=&#8221;1\/3&#8243;][vc_custom_heading text=&#8221;Elmeskolan, \u00c4lmhult&#8221; font_container=&#8221;tag:h2|font_size:20|text_align:left|line_height:1&#8243; google_fonts=&#8221;font_family:Open%20Sans%3A300%2C300italic%2Cregular%2Citalic%2C600%2C600italic%2C700%2C700italic%2C800%2C800italic|font_style:400%20regular%3A400%3Anormal&#8221;][vc_column_text css=&#8221;.vc_custom_1587457146174{margin-right: 40px !important;}&#8221;]<strong><img loading=\"lazy\" decoding=\"async\" class=\"size-full wp-image-1004 alignnone\" src=\"https:\/\/www.jfkab.com\/wp-content\/uploads\/2016\/06\/elmeskolan300.jpg\" alt=\"\" width=\"299\" height=\"166\" srcset=\"https:\/\/www.jfkab.com\/wp-content\/uploads\/2016\/06\/elmeskolan300.jpg 299w, https:\/\/www.jfkab.com\/wp-content\/uploads\/2016\/06\/elmeskolan300-768x426.jpg 768w\" sizes=\"auto, (max-width: 299px) 100vw, 299px\" \/><\/strong><\/p>\n<p><strong>LUFTBEHANDLING &amp; STYR ENTREPRENAD<br \/>\n<\/strong>Elmeskolan \u00e4r vid f\u00e4rdigst\u00e4llandetnSveriges st\u00f6rsta skola byggd i passivhus teknik.<strong><br \/>\n<\/strong><\/p>\n<p><strong>Projektet blev nominerat till \u00c5rets Bygge 2018!<\/strong><\/p>\n<p>Del 1\u00a0stod klar\u00a0till skolstart HT\u00a02017,<br \/>\ndel 2\u00a0till starten av VT 2018.<\/p>\n<p>Kontakt: <span style=\"color: #008000;\"><a style=\"color: #008000;\" href=\"mailto:mp@jfkab.com\">M\u00e5rten Persson<\/a><\/p>\n<p><\/span>[\/vc_column_text][vc_btn title=&#8221;L\u00e4s mer&#8221; color=&#8221;success&#8221; size=&#8221;xs&#8221; i_align=&#8221;right&#8221; i_icon_fontawesome=&#8221;&#8221; css_animation=&#8221;none&#8221; css=&#8221;.vc_custom_1742500732873{padding-bottom: 14px !important;}&#8221; add_icon=&#8221;true&#8221; link=&#8221;url:https%3A%2F%2Fwww.jfkab.com%2F%3Fpage_id%3D987|title:Projekt%20Elmeskolan|target:_blank&#8221;][\/vc_column_inner][vc_column_inner width=&#8221;1\/3&#8243;][\/vc_column_inner][vc_column_inner width=&#8221;1\/3&#8243;][vc_custom_heading text=&#8221;GDL Fastigheter, Kristianstad&#8221; font_container=&#8221;tag:h2|font_size:20|text_align:left|line_height:1&#8243; google_fonts=&#8221;font_family:Open%20Sans%3A300%2C300italic%2Cregular%2Citalic%2C600%2C600italic%2C700%2C700italic%2C800%2C800italic|font_style:400%20regular%3A400%3Anormal&#8221;][vc_column_text css=&#8221;.vc_custom_1690051961664{margin-right: 40px !important;}&#8221;]<strong><img loading=\"lazy\" decoding=\"async\" class=\"size-full wp-image-1304 alignnone\" src=\"https:\/\/www.jfkab.com\/wp-content\/uploads\/2018\/02\/gdlsmall.jpg\" alt=\"\" width=\"300\" height=\"167\" srcset=\"https:\/\/www.jfkab.com\/wp-content\/uploads\/2018\/02\/gdlsmall.jpg 300w, https:\/\/www.jfkab.com\/wp-content\/uploads\/2018\/02\/gdlsmall-768x427.jpg 768w\" sizes=\"auto, (max-width: 300px) 100vw, 300px\" \/><\/strong><\/p>\n<p><strong>LUFTBEHANDLINGSENTREPRENAD<br \/>\n<\/strong>Byggnad som i f\u00f6rsta hand ska anv\u00e4ndas som centrallager \u00e5t Kiviks Musteri, som \u00e4r kund till GDL. Lagret har plats f\u00f6r 20 000 pallplatser och f\u00e5r temperaturzoner f\u00f6r kylda och frysta varor.<\/p>\n<p>Storlek: 11 000 kvm<br \/>\nProjekttid: dec 2017-mars 2018<\/p>\n<p>Kontakt: <span style=\"color: #008000;\"><a style=\"color: #008000;\" href=\"mailto:mp@jfkab.com\">M\u00e5rten Persson<\/a><\/span><\/p>\n<p>&nbsp;[\/vc_column_text][\/vc_column_inner][\/vc_row_inner][\/vc_column][\/vc_row][vc_row][vc_column][vc_custom_heading text=&#8221;Volvo CE, Bra\u00e5s&#8221; font_container=&#8221;tag:h2|font_size:20|text_align:left|line_height:1&#8243; google_fonts=&#8221;font_family:Open%20Sans%3A300%2C300italic%2Cregular%2Citalic%2C600%2C600italic%2C700%2C700italic%2C800%2C800italic|font_style:400%20regular%3A400%3Anormal&#8221;][vc_column_text css=&#8221;.vc_custom_1690052376614{margin-right: 40px !important;padding-bottom: 32px !important;}&#8221;]<span style=\"color: #000000;\"><strong><img loading=\"lazy\" decoding=\"async\" class=\"wp-image-901 size-full alignleft\" src=\"https:\/\/www.jfkab.com\/wp-content\/uploads\/2016\/06\/volvo_ce_bra&aring;s.jpg\" alt=\"\" width=\"553\" height=\"310\" \/><\/strong><\/span><\/p>\n<p><span style=\"color: #000000;\"><strong>GENERALENTREPRENAD<br \/>\n<\/strong><\/span>JFK har byggt ny lackerings anl\u00e4ggning till produktionen av\u00a0dumpers.<\/p>\n<p>F\u00e4rdigst\u00e4llt: 2016-11<br \/>\nKontakt: <span style=\"color: #008000;\"><a style=\"color: #008000;\" href=\"mailto:jonas@jfkab.com\">Jonas Folkesson<\/a><\/span><\/p>\n<p>&nbsp;[\/vc_column_text][vc_btn title=&#8221;L\u00e4s mer&#8221; style=&#8221;classic&#8221; color=&#8221;success&#8221; size=&#8221;xs&#8221; i_align=&#8221;right&#8221; i_icon_fontawesome=&#8221;&#8221; css=&#8221;.vc_custom_1742500753111{padding-top: 6px !important;padding-bottom: 32px !important;}&#8221; add_icon=&#8221;true&#8221; link=&#8221;url:https%3A%2F%2Fwww.jfkab.com%2F%3Fpage_id%3D910|title:Projekt%20Volvo%20CE%2C%20Bra%C3%A5s|target:_blank&#8221;][vc_row_inner][vc_column_inner][vc_empty_space][\/vc_column_inner][\/vc_row_inner][\/vc_column][\/vc_row][vc_row][vc_column width=&#8221;1\/3&#8243;][vc_custom_heading text=&#8221;IKEA Museum &amp; Caf\u00e9, \u00c4lmhult&#8221; font_container=&#8221;tag:h2|font_size:20|text_align:left|line_height:1&#8243; google_fonts=&#8221;font_family:Open%20Sans%3A300%2C300italic%2Cregular%2Citalic%2C600%2C600italic%2C700%2C700italic%2C800%2C800italic|font_style:400%20regular%3A400%3Anormal&#8221;][vc_column_text css=&#8221;.vc_custom_1587457077516{margin-right: 40px !important;}&#8221;]<\/p>\n<h3><strong><a href=\"https:\/\/www.jfkab.com\/referens-projekt\/ikea-museum\/\" target=\"_blank\" rel=\"noopener noreferrer\"><img loading=\"lazy\" decoding=\"async\" class=\"alignnone wp-image-754\" src=\"https:\/\/www.jfkab.com\/wp-content\/uploads\/2016\/06\/proj_ikea_museum3.jpg\" alt=\"proj_ikea_museum3\" width=\"300\" height=\"168\" srcset=\"https:\/\/www.jfkab.com\/wp-content\/uploads\/2016\/06\/proj_ikea_museum3.jpg 220w, https:\/\/www.jfkab.com\/wp-content\/uploads\/2016\/06\/proj_ikea_museum3-768x429.jpg 768w\" sizes=\"auto, (max-width: 300px) 100vw, 300px\" \/><\/a><\/strong><\/h3>\n<p><strong>UTF\u00d6RANDEENTREPRENAD<\/strong><br \/>\nLuftbehandling och styrentreprenad. Behovsstyrd ventilation med b\u00e5de v\u00e4rme och kyla.<\/p>\n<p>F\u00e4rdigst\u00e4llt 2016-06<br \/>\nKontakt: <span style=\"color: #008000;\"><a style=\"color: #008000;\" href=\"mailto:mp@jfkab.com\">M\u00e5rten Persson<\/a><\/p>\n<p><\/span>[\/vc_column_text][vc_btn title=&#8221;L\u00e4s mer&#8221; style=&#8221;classic&#8221; color=&#8221;success&#8221; size=&#8221;xs&#8221; i_align=&#8221;right&#8221; i_icon_fontawesome=&#8221;&#8221; css=&#8221;.vc_custom_1742500769865{border-radius: 1px !important;}&#8221; add_icon=&#8221;true&#8221; link=&#8221;url:https%3A%2F%2Fwww.jfkab.com%2F%3Fpage_id%3D803|title:Projekt%20IKEA%20Museum%20%26%20Caf%C3%A9%2C%20%C3%84lmhult|target:_blank&#8221;][\/vc_column][vc_column width=&#8221;1\/3&#8243;][vc_custom_heading text=&#8221;Maria G\u00e5rd, Helsingborg&#8221; font_container=&#8221;tag:h2|font_size:20|text_align:left|line_height:1&#8243; google_fonts=&#8221;font_family:Open%20Sans%3A300%2C300italic%2Cregular%2Citalic%2C600%2C600italic%2C700%2C700italic%2C800%2C800italic|font_style:400%20regular%3A400%3Anormal&#8221;][vc_column_text css=&#8221;.vc_custom_1587457400324{margin-right: 40px !important;}&#8221;]<img loading=\"lazy\" decoding=\"async\" class=\"alignnone wp-image-783\" src=\"https:\/\/www.jfkab.com\/wp-content\/uploads\/2016\/06\/proj_mariag_serneke.jpg\" alt=\"\" width=\"300\" height=\"168\" srcset=\"https:\/\/www.jfkab.com\/wp-content\/uploads\/2016\/06\/proj_mariag_serneke.jpg 220w, https:\/\/www.jfkab.com\/wp-content\/uploads\/2016\/06\/proj_mariag_serneke-768x429.jpg 768w\" sizes=\"auto, (max-width: 300px) 100vw, 300px\" \/><\/p>\n<p><strong>LUFTBEHANDLINGSENTREPRENAD<br \/>\n<\/strong>Entrepren\u00f6ren Serneke\u00a0har haft\u00a0uppdraget att bygga\u00a076 bost\u00e4der i omr\u00e5det Maria G\u00e5rd f\u00f6r Helsingborgshem.<\/p>\n<p>F\u00e4rdigst\u00e4llt:\u00a02017-05.<br \/>\nProjektledare:\u00a0 Olle Ljunggren\u00a0<span style=\"color: #008000;\"><br \/>\n<\/span>Kontakt:<span style=\"color: #008000;\"> \u00a0<a style=\"color: #008000;\" href=\"mailto:jonas@jfkab.com\">Jonas Folkesson<\/a><\/span><\/p>\n<p>&nbsp;[\/vc_column_text][\/vc_column][vc_column width=&#8221;1\/3&#8243;][vc_custom_heading text=&#8221;Wan\u00e5s Hotell &amp; Restaurang&#8221; font_container=&#8221;tag:h2|font_size:20|text_align:left|line_height:1&#8243; google_fonts=&#8221;font_family:Open%20Sans%3A300%2C300italic%2Cregular%2Citalic%2C600%2C600italic%2C700%2C700italic%2C800%2C800italic|font_style:400%20regular%3A400%3Anormal&#8221;][vc_column_text css=&#8221;.vc_custom_1587456945741{margin-right: 40px !important;}&#8221;]<strong><img loading=\"lazy\" decoding=\"async\" class=\"alignnone wp-image-784\" src=\"https:\/\/www.jfkab.com\/wp-content\/uploads\/2016\/06\/proj_wanas.jpg\" alt=\"\" width=\"300\" height=\"168\" srcset=\"https:\/\/www.jfkab.com\/wp-content\/uploads\/2016\/06\/proj_wanas.jpg 220w, https:\/\/www.jfkab.com\/wp-content\/uploads\/2016\/06\/proj_wanas-768x429.jpg 768w\" sizes=\"auto, (max-width: 300px) 100vw, 300px\" \/><\/strong><\/p>\n<p><strong>LUFTBEHANDLINGSENTREPRENAD<br \/>\n<\/strong>Mysig Restaurang och Hotell i lantlig milj\u00f6 med K-m\u00e4rkta byggnader.<\/p>\n<p>F\u00e4rdigst\u00e4llt:\u00a02017-03<br \/>\nProjektledare: Oscar Axberg<br \/>\nKontakt: <a href=\"mailto:jonas@jfkab.com\"><span style=\"color: #008000;\">Jonas\u00a0Folkesson<\/span><\/a>[\/vc_column_text][\/vc_column][\/vc_row][vc_row][vc_column width=&#8221;1\/3&#8243;][vc_custom_heading text=&#8221;Vilbokens F\u00f6rskola, Olofstr\u00f6m&#8221; font_container=&#8221;tag:h2|font_size:20|text_align:left|line_height:1&#8243; google_fonts=&#8221;font_family:Open%20Sans%3A300%2C300italic%2Cregular%2Citalic%2C600%2C600italic%2C700%2C700italic%2C800%2C800italic|font_style:400%20regular%3A400%3Anormal&#8221;][vc_column_text css=&#8221;.vc_custom_1641228994098{margin-right: 40px !important;}&#8221;]<span style=\"color: #000000;\"><strong><img loading=\"lazy\" decoding=\"async\" class=\"alignnone wp-image-785\" src=\"https:\/\/www.jfkab.com\/wp-content\/uploads\/2016\/06\/proj_vilbokenfs.jpg\" alt=\"\" width=\"300\" height=\"168\" srcset=\"https:\/\/www.jfkab.com\/wp-content\/uploads\/2016\/06\/proj_vilbokenfs.jpg 220w, https:\/\/www.jfkab.com\/wp-content\/uploads\/2016\/06\/proj_vilbokenfs-768x429.jpg 768w\" sizes=\"auto, (max-width: 300px) 100vw, 300px\" \/><\/strong><\/span><\/p>\n<p><span style=\"color: #000000;\"><strong>LUFTBEHANDLING &amp; STYR ENTREPRENAD<br \/>\n<\/strong><\/span>Nybyggd f\u00f6rskola f\u00f6r Olofstr\u00f6mshus. Projektering och installation av luftbehandling och styr.<\/p>\n<p>F\u00e4rdigst\u00e4llt: 2016-12<br \/>\nProjektledare: Oscar Axberg<br \/>\nKontakt: <a href=\"mailto:jonas@jfkab.com\"><span style=\"color: #008000;\">Jonas Folkesson<\/span><\/a>[\/vc_column_text][vc_btn title=&#8221;L\u00e4s mer&#8221; style=&#8221;classic&#8221; color=&#8221;success&#8221; size=&#8221;xs&#8221; i_align=&#8221;right&#8221; i_icon_fontawesome=&#8221;&#8221; css=&#8221;.vc_custom_1742500793415{padding-top: 14px !important;padding-bottom: 14px !important;}&#8221; add_icon=&#8221;true&#8221; link=&#8221;url:https%3A%2F%2Fwww.jfkab.com%2F%3Fpage_id%3D1081|title:Projekt%20Vilbokens%20FS%20Olofstr%C3%B6m|target:_blank&#8221;][vc_empty_space height=&#8221;40 px&#8221;][\/vc_column][vc_column width=&#8221;1\/3&#8243;][vc_custom_heading text=&#8221;Flygledartornet F17, Kallinge&#8221; font_container=&#8221;tag:h2|font_size:20|text_align:left|line_height:1&#8243; google_fonts=&#8221;font_family:Open%20Sans%3A300%2C300italic%2Cregular%2Citalic%2C600%2C600italic%2C700%2C700italic%2C800%2C800italic|font_style:400%20regular%3A400%3Anormal&#8221;][vc_column_text css=&#8221;.vc_custom_1649492577394{margin-right: 40px !important;}&#8221;]<a href=\"https:\/\/www.jfkab.com\/projekt-flygledartorn-f17-kallinge\/\" target=\"_blank\" rel=\"noopener noreferrer\"><img loading=\"lazy\" decoding=\"async\" class=\"wp-image-756 alignnone\" src=\"https:\/\/www.jfkab.com\/wp-content\/uploads\/2016\/06\/proj_fltorn.jpg\" alt=\"Projekt 2016 Flygledartorn F17\" width=\"300\" height=\"168\" srcset=\"https:\/\/www.jfkab.com\/wp-content\/uploads\/2016\/06\/proj_fltorn.jpg 220w, https:\/\/www.jfkab.com\/wp-content\/uploads\/2016\/06\/proj_fltorn-768x429.jpg 768w\" sizes=\"auto, (max-width: 300px) 100vw, 300px\" \/><\/a><\/p>\n<p><strong>LUFTBEHANDLINGSENTREPRENAD<br \/>\n<\/strong>Tornet \u00e4r 35 m h\u00f6gt och har fem arbetsplatser h\u00f6gst upp. Ut\u00f6ver tornet ingick 1000 kvadratmeter kontorsyta.<\/p>\n<p>F\u00e4rdigst\u00e4llt 2016-01<\/p>\n<p>Kontakt: <span style=\"color: #008000;\"><a style=\"color: #008000;\" href=\"mailto:mp@jfkab.com\">M\u00e5rten Persson<\/a><\/span>[\/vc_column_text][vc_btn title=&#8221;L\u00e4s mer&#8221; style=&#8221;classic&#8221; color=&#8221;success&#8221; size=&#8221;xs&#8221; i_align=&#8221;right&#8221; i_icon_fontawesome=&#8221;&#8221; css=&#8221;.vc_custom_1742500806554{padding-top: 14px !important;padding-bottom: 14px !important;}&#8221; add_icon=&#8221;true&#8221; link=&#8221;url:https%3A%2F%2Fwww.jfkab.com%2F%3Fpage_id%3D1028|title:Projekt%20Flygledartornet%20F17%2C%20Kallinge|target:_blank&#8221;][\/vc_column][vc_column width=&#8221;1\/3&#8243;][vc_custom_heading text=&#8221;IKEA Sockerbruket, Helsingborg&#8221; font_container=&#8221;tag:h2|font_size:20|text_align:left|line_height:1&#8243; google_fonts=&#8221;font_family:Open%20Sans%3A300%2C300italic%2Cregular%2Citalic%2C600%2C600italic%2C700%2C700italic%2C800%2C800italic|font_style:400%20regular%3A400%3Anormal&#8221;][vc_column_text css=&#8221;.vc_custom_1649492531489{margin-right: 30px !important;}&#8221;]<img loading=\"lazy\" decoding=\"async\" class=\"alignnone wp-image-773\" src=\"https:\/\/www.jfkab.com\/wp-content\/uploads\/2016\/06\/sockerbruketsmall.png\" width=\"300\" height=\"168\" srcset=\"https:\/\/www.jfkab.com\/wp-content\/uploads\/2016\/06\/sockerbruketsmall.png 220w, https:\/\/www.jfkab.com\/wp-content\/uploads\/2016\/06\/sockerbruketsmall-768x429.png 768w\" sizes=\"auto, (max-width: 300px) 100vw, 300px\" \/><\/p>\n<p><span style=\"color: #000000;\"><strong>LUFTBEHANDLINGSENTREPRENAD<br \/>\n<\/strong><\/span>F\u00e4rdigst\u00e4llt 2016-09<\/p>\n<p>Projektledare: Olle Ljunggren<br \/>\nKontakt: <span style=\"color: #008000;\"><a style=\"color: #008000;\" href=\"mailto:jonas@jfkab.com\">Jonas Folkesson<\/a><\/span><\/p>\n<p>&nbsp;[\/vc_column_text][\/vc_column][\/vc_row][vc_row][vc_column width=&#8221;1\/3&#8243;][vc_custom_heading text=&#8221;\u00d6stra Kommunhuset, Kristianstad&#8221; font_container=&#8221;tag:h2|font_size:20|text_align:left|line_height:1&#8243; google_fonts=&#8221;font_family:Open%20Sans%3A300%2C300italic%2Cregular%2Citalic%2C600%2C600italic%2C700%2C700italic%2C800%2C800italic|font_style:400%20regular%3A400%3Anormal&#8221;][vc_column_text css=&#8221;.vc_custom_1649492591377{margin-right: 40px !important;}&#8221;]<strong><img loading=\"lazy\" decoding=\"async\" class=\"alignnone wp-image-758\" src=\"https:\/\/www.jfkab.com\/wp-content\/uploads\/2016\/06\/proj_kommunksd2.jpg\" alt=\"\" width=\"300\" height=\"168\" srcset=\"https:\/\/www.jfkab.com\/wp-content\/uploads\/2016\/06\/proj_kommunksd2.jpg 220w, https:\/\/www.jfkab.com\/wp-content\/uploads\/2016\/06\/proj_kommunksd2-768x429.jpg 768w\" sizes=\"auto, (max-width: 300px) 100vw, 300px\" \/><\/strong><\/p>\n<p><strong>LUFTBEHANDLING &amp; STYR ENTREPRENAD<\/strong><br \/>\nF\u00e4rdigst\u00e4llt: 2015<\/p>\n<p>Kontakt: <a href=\"mailto:jonas@jfkab.com\"><span style=\"color: #008000;\">Jonas Folkesson<\/span><\/a>[\/vc_column_text][vc_empty_space height=&#8221;60&#8243;][\/vc_column][vc_column width=&#8221;1\/3&#8243;][\/vc_column][vc_column width=&#8221;1\/3&#8243;][\/vc_column][\/vc_row]<\/p>\n<\/div>","protected":false},"excerpt":{"rendered":"<p>[vc_row][vc_column][vc_empty_space height=&#8221;168&#8243;][vc_custom_heading text=&#8221;REFERENS PROJEKT &#8211; ett urval&#8221; font_container=&#8221;tag:h2|font_size:26|text_align:left|color:%23147225|line_height:1&#8243; google_fonts=&#8221;font_family:Open%20Sans%3A300%2C300italic%2Cregular%2Citalic%2C600%2C600italic%2C700%2C700italic%2C800%2C800italic|font_style:600%20bold%20regular%3A600%3Anormal&#8221;][vc_row_inner][vc_column_inner width=&#8221;2\/3&#8243; css=&#8221;.vc_custom_1649492808972{margin-right: 0px !important;}&#8221;][vc_custom_heading text=&#8221;Centrala Reningsverket, Kristianstad&#8221; font_container=&#8221;tag:h2|font_size:20|text_align:left|line_height:1&#8243; google_fonts=&#8221;font_family:Open%20Sans%3A300%2C300italic%2Cregular%2Citalic%2C600%2C600italic%2C700%2C700italic%2C800%2C800italic|font_style:400%20regular%3A400%3Anormal&#8221; css=&#8221;&#8221;][vc_column_text css=&#8221;.vc_custom_1765284552481{margin-right: 40px !important;}&#8221;] LUFTENTREPRENAD \/ LUKTREDUCERING Ett av Europas modernaste reningsverk \u00e4r nu i drift. Ett nybygge med \u00f6kad kapacitet f\u00f6r att klara Kristianstads v\u00e4xande krav som har varit ett av v\u00e5ra st\u00f6rsta projekt.\u00a0 Bland annat [&hellip;]<\/p>\n","protected":false},"author":1,"featured_media":0,"parent":0,"menu_order":0,"comment_status":"closed","ping_status":"closed","template":"template-home.php","meta":{"footnotes":""},"class_list":["post-749","page","type-page","status-publish","hentry"],"_links":{"self":[{"href":"https:\/\/www.jfkab.com\/index.php?rest_route=\/wp\/v2\/pages\/749","targetHints":{"allow":["GET"]}}],"collection":[{"href":"https:\/\/www.jfkab.com\/index.php?rest_route=\/wp\/v2\/pages"}],"about":[{"href":"https:\/\/www.jfkab.com\/index.php?rest_route=\/wp\/v2\/types\/page"}],"author":[{"embeddable":true,"href":"https:\/\/www.jfkab.com\/index.php?rest_route=\/wp\/v2\/users\/1"}],"replies":[{"embeddable":true,"href":"https:\/\/www.jfkab.com\/index.php?rest_route=%2Fwp%2Fv2%2Fcomments&post=749"}],"version-history":[{"count":108,"href":"https:\/\/www.jfkab.com\/index.php?rest_route=\/wp\/v2\/pages\/749\/revisions"}],"predecessor-version":[{"id":1960,"href":"https:\/\/www.jfkab.com\/index.php?rest_route=\/wp\/v2\/pages\/749\/revisions\/1960"}],"wp:attachment":[{"href":"https:\/\/www.jfkab.com\/index.php?rest_route=%2Fwp%2Fv2%2Fmedia&parent=749"}],"curies":[{"name":"wp","href":"https:\/\/api.w.org\/{rel}","templated":true}]}}